{"id":10805,"date":"2023-09-06T16:02:12","date_gmt":"2023-09-06T14:02:12","guid":{"rendered":"https:\/\/www.oxino.com\/politica-de-privacidad\/"},"modified":"2024-06-04T13:17:02","modified_gmt":"2024-06-04T11:17:02","slug":"politica-de-privacidade","status":"publish","type":"page","link":"https:\/\/www.oxino.com\/pt-pt\/politica-de-privacidade\/","title":{"rendered":"POL\u00cdTICA DE PRIVACIDADE\u200b"},"content":{"rendered":"\t\t<div data-elementor-type=\"wp-page\" data-elementor-id=\"10805\" class=\"elementor elementor-10805 elementor-8630\">\n\t\t\t\t\t\t<section class=\"elementor-section elementor-top-section elementor-element elementor-element-8aa1641 elementor-section-boxed elementor-section-height-default elementor-section-height-default qodef-elementor-content-no\" data-id=\"8aa1641\" data-element_type=\"section\">\n\t\t\t\t\t\t<div class=\"elementor-container elementor-column-gap-default\">\n\t\t\t\t\t<div class=\"elementor-column elementor-col-100 elementor-top-column elementor-element elementor-element-504bd34\" data-id=\"504bd34\" data-element_type=\"column\">\n\t\t\t<div class=\"elementor-widget-wrap elementor-element-populated\">\n\t\t\t\t\t\t<div class=\"elementor-element elementor-element-696519a elementor-widget elementor-widget-heading\" data-id=\"696519a\" data-element_type=\"widget\" data-widget_type=\"heading.default\">\n\t\t\t\t<div class=\"elementor-widget-container\">\n\t\t\t<style>\/*! elementor - v3.21.0 - 22-05-2024 *\/\n.elementor-heading-title{padding:0;margin:0;line-height:1}.elementor-widget-heading .elementor-heading-title[class*=elementor-size-]>a{color:inherit;font-size:inherit;line-height:inherit}.elementor-widget-heading .elementor-heading-title.elementor-size-small{font-size:15px}.elementor-widget-heading .elementor-heading-title.elementor-size-medium{font-size:19px}.elementor-widget-heading .elementor-heading-title.elementor-size-large{font-size:29px}.elementor-widget-heading .elementor-heading-title.elementor-size-xl{font-size:39px}.elementor-widget-heading .elementor-heading-title.elementor-size-xxl{font-size:59px}<\/style><h2 class=\"elementor-heading-title elementor-size-default\">POL\u00cdTICA DE PRIVACIDAD\u200bE\n<\/h2>\t\t<\/div>\n\t\t\t\t<\/div>\n\t\t\t\t<div class=\"elementor-element elementor-element-05f639b elementor-widget elementor-widget-text-editor\" data-id=\"05f639b\" data-element_type=\"widget\" data-widget_type=\"text-editor.default\">\n\t\t\t\t<div class=\"elementor-widget-container\">\n\t\t\t<style>\/*! elementor - v3.21.0 - 22-05-2024 *\/\n.elementor-widget-text-editor.elementor-drop-cap-view-stacked .elementor-drop-cap{background-color:#69727d;color:#fff}.elementor-widget-text-editor.elementor-drop-cap-view-framed .elementor-drop-cap{color:#69727d;border:3px solid;background-color:transparent}.elementor-widget-text-editor:not(.elementor-drop-cap-view-default) .elementor-drop-cap{margin-top:8px}.elementor-widget-text-editor:not(.elementor-drop-cap-view-default) .elementor-drop-cap-letter{width:1em;height:1em}.elementor-widget-text-editor .elementor-drop-cap{float:left;text-align:center;line-height:1;font-size:50px}.elementor-widget-text-editor .elementor-drop-cap-letter{display:inline-block}<\/style>\t\t\t\t<p><strong>DADOS DE IDENTIFICA\u00c7\u00c3O DO PROPRIET\u00c1RIO<\/strong><\/p><p>O titular do s\u00edtio Web <strong>www.oxino.com<\/strong> \u00e9 a Werku Tools SA (doravante, Werku), com domic\u00edlio na Carretera N-VI km 586, Oleiros, La Coru\u00f1a, Espanha, c\u00f3digo fiscal europeu ESA15098205, inscrita no Registo Comercial de La Coru\u00f1a, Espanha, Tomo 477, Livro 256 da Sec\u00e7\u00e3o 3 de Sociedades, F\u00f3lio 60, folha 2767 e inscri\u00e7\u00e3o 1. Endere\u00e7o de correio eletr\u00f3nico<strong> info@oxino.com<\/strong>.<\/p><p><strong>UTILIZADOR<\/strong><\/p><p>O acesso e\/ou utiliza\u00e7\u00e3o do site <strong>www.oxino.com<\/strong> confere a condi\u00e7\u00e3o de utilizador (doravante, Utilizador).<\/p><p><strong>PRIVACIDADE<\/strong><\/p><p>A fim de proteger os direitos individuais do Utilizador, especialmente no que se refere ao tratamento automatizado, e com o objetivo de ser transparente, a Werku estabeleceu uma Pol\u00edtica de Privacidade que estabelece todos os tratamentos, as finalidades desses tratamentos, a legitimidade dos mesmos e os instrumentos \u00e0 disposi\u00e7\u00e3o do Utilizador para que possa exercer os seus direitos.<\/p><p>A navega\u00e7\u00e3o no s\u00edtio Web <strong>www.oxino.com<\/strong> implica a plena aceita\u00e7\u00e3o pelo Utilizador das disposi\u00e7\u00f5es e condi\u00e7\u00f5es de utiliza\u00e7\u00e3o, incluindo a utiliza\u00e7\u00e3o de cookies. Em caso de desacordo, o Utilizador pode enviar uma reclama\u00e7\u00e3o por correio eletr\u00f3nico para <strong>info@oxino.com.<\/strong><\/p><p>A vers\u00e3o actualizada da presente Pol\u00edtica de Privacidade \u00e9 a \u00fanica aplic\u00e1vel durante o per\u00edodo de utiliza\u00e7\u00e3o do s\u00edtio Web <strong>www.oxino.com<\/strong> pelo Utilizador, at\u00e9 que outra vers\u00e3o a substitua.<\/p><p>Para mais informa\u00e7\u00f5es sobre a prote\u00e7\u00e3o de dados pessoais, o Utilizador pode consultar o site Bda Ag\u00eancia Espanhola de Prote\u00e7\u00e3o de Dados.<\/p><p><strong>RECOLHA DE DADOS PESSOAIS<\/strong><\/p><p>Os dados pessoais do Utilizador s\u00e3o recolhidos pela Werku. Por dados pessoais entende-se toda a informa\u00e7\u00e3o relativa a uma pessoa singular identificada ou identific\u00e1vel (titular dos dados). \u00c9 considerada identific\u00e1vel a pessoa que possa ser identificada: direta ou indiretamente, designadamente por refer\u00eancia a um nome, a um n\u00famero de identifica\u00e7\u00e3o (BI, NIF, ME, passaporte, etc.) ou a um ou mais elementos espec\u00edficos da sua identidade f\u00edsica, fisiol\u00f3gica, gen\u00e9tica, ps\u00edquica, econ\u00f3mica, cultural ou social.<\/p><p>Os dados pessoais que ser\u00e3o geralmente recolhidos s\u00e3o os seguintes:<br \/>&#8211; Nome e apelido<br \/>&#8211; Endere\u00e7o e apelido<br \/>&#8211; endere\u00e7o eletr\u00f3nico<br \/>&#8211; N\u00famero de telefone<br \/>&#8211; Data de nascimento<br \/>&#8211; Dados relativos aos meios de pagamento<br \/>&#8211; Outros, sobre os quais o Utilizador ser\u00e1 informado<\/p><p><strong>FINALIDADE DO TRATAMENTO DE DADOS PESSOAIS<\/strong><\/p><p>A finalidade do tratamento dos dados pessoais \u00e9 melhorar a rela\u00e7\u00e3o entre a Werku e o Utilizador, oferecer produtos e servi\u00e7os de acordo com os interesses do Utilizador, melhorar a experi\u00eancia de navega\u00e7\u00e3o do Utilizador e, se for caso disso, processar os seus pedidos, solicita\u00e7\u00f5es ou encomendas. A Werku utilizar\u00e1 estes dados pessoais para criar um perfil comercial do Utilizador, mas n\u00e3o tomar\u00e1 decis\u00f5es automatizadas com base nesse perfil.<\/p><p>Os dados pessoais fornecidos pelo Utilizador ser\u00e3o conservados enquanto este mantiver uma rela\u00e7\u00e3o comercial com a Werku, sempre que o Utilizador n\u00e3o solicite a sua supress\u00e3o ou que as obriga\u00e7\u00f5es legais exijam essa supress\u00e3o.<\/p><p>Os dados pessoais do Utilizador ser\u00e3o registados num ficheiro de cliente e o seu tratamento ser\u00e1 registado no registo de tratamento da Werku. A Sendinblue actua como respons\u00e1vel pelo tratamento dos dados pessoais do Utilizador e a Werku como respons\u00e1vel pelo tratamento destes dados. Para obter informa\u00e7\u00f5es detalhadas sobre o acordo entre a Sendingblue e a Werku, recomenda-se ao Utilizador que consulte o Processamento de Dados Pessoais, tamb\u00e9m publicado no site <strong>www.oxino.com<\/strong>.<\/p><p><strong>BASE JUR\u00cdDICA PARA O TRATAMENTO DE DADOS PESSOAIS<\/strong><\/p><p>A base legal para o tratamento dos dados pessoais do Utilizador \u00e9 a seguinte<br \/>&#8211; A correcta execu\u00e7\u00e3o ou cumprimento do contrato<br \/>&#8211; O interesse leg\u00edtimo da Werku<br \/>&#8211; O consentimento do Utilizador para o tratamento dos seus dados pessoais.<\/p><p><strong>DESTINAT\u00c1RIOS A QUEM SER\u00c3O COMUNICADOS OS DADOS PESSOAIS.<\/strong><\/p><p>Os dados pessoais do Utilizador poder\u00e3o ser comunicados a terceiros, relacionados com a Werku por contrato, para a realiza\u00e7\u00e3o de tarefas necess\u00e1rias para a gest\u00e3o da conta do Utilizador e sem que este tenha de dar o seu consentimento para tal.<\/p><p>Os dados pessoais do Utilizador poder\u00e3o ser comunicados \u00e0s autoridades competentes no caso de o Utilizador ter realizado ac\u00e7\u00f5es contr\u00e1rias \u00e0 lei ou n\u00e3o ter cumprido o conte\u00fado do Aviso Legal.<\/p><p>Os dados pessoais do Utilizador poder\u00e3o ser comunicados a outras empresas do grupo Werku, para fins administrativos internos que possam implicar o tratamento dos referidos dados pessoais.<\/p><p>Os dados pessoais do Utilizador poder\u00e3o ser transferidos para um pa\u00eds terceiro ou para uma organiza\u00e7\u00e3o internacional, sempre que a Werku informe o Utilizador dessa transfer\u00eancia, das suas condi\u00e7\u00f5es e do destinat\u00e1rio.<\/p><p>Quando alguns dos dados pessoais do Utilizador forem obrigat\u00f3rios para aceder a determinadas funcionalidades do s\u00edtio Web <strong>www.oxino.com<\/strong>, a Werku indicar\u00e1 essa obrigatoriedade no momento da recolha dos dados pessoais.<\/p><p><strong>COOKIES<\/strong><\/p><p>O s\u00edtio Web<strong> www.oxino.com<\/strong> utiliza cookies. Para obter informa\u00e7\u00f5es detalhadas sobre estes cookies, que podem estar relacionados com os dados pessoais do Utilizador e com a Pol\u00edtica de Privacidade, a Werku recomenda ao Utilizador que consulte a Pol\u00edtica de Cookies, tamb\u00e9m publicada no s\u00edtio Web <strong>www.oxino.com<\/strong>.<\/p><p><strong>DIREITOS DO UTILIZADOR<\/strong><\/p><p>No que diz respeito aos dados pessoais do Utilizador, este tem a possibilidade de exercer os seus direitos de acesso, retifica\u00e7\u00e3o, cancelamento e oposi\u00e7\u00e3o. Al\u00e9m disso, o Utilizador tem o direito de limitar o tratamento dos seus dados pessoais, o direito de apagar a transfer\u00eancia dos seus dados pessoais transmitidos ao respons\u00e1vel pelo tratamento de dados e o direito \u00e0 portabilidade dos seus dados pessoais.<\/p><p>O Utilizador tem a possibilidade de apresentar uma queixa \u00e0 Ag\u00eancia Espanhola de Prote\u00e7\u00e3o de Dados ou a qualquer outro organismo competente, quando n\u00e3o tiver obtido uma solu\u00e7\u00e3o satisfat\u00f3ria no exerc\u00edcio dos seus direitos.<\/p><p>A menos que o Utilizador tenha enviado uma reclama\u00e7\u00e3o para o endere\u00e7o de correio eletr\u00f3nico <strong>info@oxino.com<\/strong>, os seus dados poder\u00e3o ser utilizados para o envio de informa\u00e7\u00f5es comerciais.<\/p><p>O Utilizador \u00e9 respons\u00e1vel pelos dados pessoais que facultou, respondendo pela sua exatid\u00e3o e atualiza\u00e7\u00e3o e pelos danos e preju\u00edzos que possam ser causados pela sua inexatid\u00e3o.<\/p><p>A Werku conservar\u00e1 e gerir\u00e1 os dados pessoais do Utilizador com a devida confidencialidade, aplicando as medidas de seguran\u00e7a inform\u00e1tica necess\u00e1rias para evitar o acesso ou utiliza\u00e7\u00e3o indevida dos referidos dados pessoais, a sua manipula\u00e7\u00e3o, deteriora\u00e7\u00e3o ou perda. No entanto, o Utilizador compreende que a seguran\u00e7a dos sistemas inform\u00e1ticos n\u00e3o \u00e9 absoluta e que, quando os dados pessoais s\u00e3o fornecidos atrav\u00e9s da Internet, podem ser recolhidos de forma fraudulenta por terceiros sem o consentimento do Utilizador, pelo que a Werku n\u00e3o ser\u00e1 respons\u00e1vel.<\/p><p>O Utilizador pode aceder e exercer os seus direitos mediante pedido escrito e assinado, acompanhado de uma fotoc\u00f3pia do seu documento de identifica\u00e7\u00e3o, por qualquer um dos seguintes meios<br \/>1) Atrav\u00e9s do envio de um pedido por escrito \u00e0 Werku Tools SA, Servi\u00e7o de Atendimento ao Cliente, Carretera N-VI km 886, Oleiros, La Coru\u00f1a, Espanha.<br \/>2) Atrav\u00e9s do envio de um correio eletr\u00f3nico para <strong>info@oxino.com<\/strong><\/p><p>A Werku dar\u00e1 seguimento a estes direitos no prazo de um m\u00eas, que poder\u00e1 ser prolongado at\u00e9 dois meses, devido \u00e0 complexidade do pedido ou se o n\u00famero de pedidos recebidos assim o exigir. Isto sem preju\u00edzo do dever de conservar determinados dados nos termos legais e at\u00e9 ao termo das poss\u00edveis responsabilidades decorrentes de um eventual tratamento ou, se for caso disso, de uma rela\u00e7\u00e3o contratual.<\/p><p>Para al\u00e9m do acima exposto e em conformidade com os regulamentos de prote\u00e7\u00e3o de dados, o Utilizador tem a possibilidade, mediante pedido, de organizar o destino dos seus dados ap\u00f3s a sua morte.<\/p><p><strong>L\u00cdNGUA<\/strong><\/p><p>A presente Pol\u00edtica de Privacidade foi publicada em v\u00e1rias l\u00ednguas. A vers\u00e3o inglesa \u00e9 a original e prevalece sobre as tradu\u00e7\u00f5es.<\/p><p><strong>LEGISLA\u00c7\u00c3O APLIC\u00c1VEL E JURISDI\u00c7\u00c3O<\/strong><\/p><p>As rela\u00e7\u00f5es entre a Werku e o Utilizador reger-se-\u00e3o pela legisla\u00e7\u00e3o espanhola em vigor. Todos os lit\u00edgios e reclama\u00e7\u00f5es derivados da presente Pol\u00edtica de Privacidade ser\u00e3o resolvidos pelos tribunais competentes.<\/p><p>\u00a0<\/p>\t\t\t\t\t\t<\/div>\n\t\t\t\t<\/div>\n\t\t\t\t\t<\/div>\n\t\t<\/div>\n\t\t\t\t\t<\/div>\n\t\t<\/section>\n\t\t\t\t<section class=\"elementor-section elementor-top-section elementor-element elementor-element-7e1ca212 elementor-section-full_width elementor-section-stretched elementor-section-height-default elementor-section-height-default qodef-elementor-content-no\" data-id=\"7e1ca212\" data-element_type=\"section\" data-settings=\"{&quot;stretch_section&quot;:&quot;section-stretched&quot;}\">\n\t\t\t\t\t\t<div class=\"elementor-container elementor-column-gap-default\">\n\t\t\t\t\t<div class=\"elementor-column elementor-col-100 elementor-top-column elementor-element elementor-element-3d887a75\" data-id=\"3d887a75\" data-element_type=\"column\">\n\t\t\t<div class=\"elementor-widget-wrap elementor-element-populated\">\n\t\t\t\t\t\t<div class=\"elementor-element elementor-element-16b22c2 elementor-widget elementor-widget-text-editor\" data-id=\"16b22c2\" data-element_type=\"widget\" data-widget_type=\"text-editor.default\">\n\t\t\t\t<div class=\"elementor-widget-container\">\n\t\t\t\t\t\t\t<p><span style=\"font-weight: 400;\"><a href=\"https:\/\/www.oxino.com\/pt-pt\/aviso-legal\/\">Aviso Legal<\/a> \u00b7 <a href=\"https:\/\/www.oxino.com\/pt-pt\/politica-de-cookies\/\">Pol\u00edtica de Cookies<\/a> \u00b7 <a href=\"https:\/\/www.oxino.com\/pt-pt\/politica-de-privacidade\/\">Pol\u00edtica de Privacidade<\/a> \u00b7 <a href=\"https:\/\/www.oxino.com\/pt-pt\/tratamento-de-dados-pessoais\/\">Tratamento de Dados Pessoais<\/a> \u00b7 <a href=\"https:\/\/www.oxino.com\/pt-pt\/termos-de-venda\/\">Termos de Venda<\/a><\/span><\/p><p><span style=\"font-weight: 400;\">Copyright 2021 \u00b7 Werku Tools SA \u00b7 Carretera N-VI km 586 \u00b7 15176 Oleiros \u00b7 La Coru\u00f1a \u00b7 Espa\u00f1a \u00b7 info@werku.com\u00a0<\/span><\/p>\t\t\t\t\t\t<\/div>\n\t\t\t\t<\/div>\n\t\t\t\t\t<\/div>\n\t\t<\/div>\n\t\t\t\t\t<\/div>\n\t\t<\/section>\n\t\t\t\t<\/div>\n\t\t","protected":false},"excerpt":{"rendered":"<p>POL\u00cdTICA DE PRIVACIDAD\u200bE DADOS DE IDENTIFICA\u00c7\u00c3O DO PROPRIET\u00c1RIO O titular do s\u00edtio Web www.oxino.com \u00e9 a Werku Tools SA (doravante, Werku), com domic\u00edlio na Carretera N-VI km 586, Oleiros, La Coru\u00f1a, Espanha, c\u00f3digo fiscal europeu ESA15098205, inscrita no Registo Comercial de La Coru\u00f1a, Espanha, Tomo 477, Livro 256 da Sec\u00e7\u00e3o 3 de Sociedades, F\u00f3lio 60, [&hellip;]<\/p>\n","protected":false},"author":1,"featured_media":0,"parent":0,"menu_order":0,"comment_status":"closed","ping_status":"closed","template":"","meta":{"footnotes":""},"class_list":["post-10805","page","type-page","status-publish","hentry"],"yoast_head":"<!-- This site is optimized with the Yoast SEO plugin v23.1 - https:\/\/yoast.com\/wordpress\/plugins\/seo\/ -->\n<title>POL\u00cdTICA DE PRIVACIDADE\u200b - Oxi...no<\/title>\n<meta name=\"robots\" content=\"index, follow, max-snippet:-1, max-image-preview:large, max-video-preview:-1\" \/>\n<link rel=\"canonical\" href=\"https:\/\/www.oxino.com\/pt-pt\/politica-de-privacidade\/\" \/>\n<meta property=\"og:locale\" content=\"pt_PT\" \/>\n<meta property=\"og:type\" content=\"article\" \/>\n<meta property=\"og:title\" content=\"POL\u00cdTICA DE PRIVACIDADE\u200b - Oxi...no\" \/>\n<meta property=\"og:description\" content=\"POL\u00cdTICA DE PRIVACIDAD\u200bE DADOS DE IDENTIFICA\u00c7\u00c3O DO PROPRIET\u00c1RIO O titular do s\u00edtio Web www.oxino.com \u00e9 a Werku Tools SA (doravante, Werku), com domic\u00edlio na Carretera N-VI km 586, Oleiros, La Coru\u00f1a, Espanha, c\u00f3digo fiscal europeu ESA15098205, inscrita no Registo Comercial de La Coru\u00f1a, Espanha, Tomo 477, Livro 256 da Sec\u00e7\u00e3o 3 de Sociedades, F\u00f3lio 60, [&hellip;]\" \/>\n<meta property=\"og:url\" content=\"https:\/\/www.oxino.com\/pt-pt\/politica-de-privacidade\/\" \/>\n<meta property=\"og:site_name\" content=\"Oxi...no\" \/>\n<meta property=\"article:modified_time\" content=\"2024-06-04T11:17:02+00:00\" \/>\n<meta name=\"twitter:card\" content=\"summary_large_image\" \/>\n<meta name=\"twitter:label1\" content=\"Tempo estimado de leitura\" \/>\n\t<meta name=\"twitter:data1\" content=\"7 minutos\" \/>\n<script type=\"application\/ld+json\" class=\"yoast-schema-graph\">{\"@context\":\"https:\/\/schema.org\",\"@graph\":[{\"@type\":\"WebPage\",\"@id\":\"https:\/\/www.oxino.com\/pt-pt\/politica-de-privacidade\/\",\"url\":\"https:\/\/www.oxino.com\/pt-pt\/politica-de-privacidade\/\",\"name\":\"POL\u00cdTICA DE PRIVACIDADE\u200b - Oxi...no\",\"isPartOf\":{\"@id\":\"https:\/\/www.oxino.com\/#website\"},\"datePublished\":\"2023-09-06T14:02:12+00:00\",\"dateModified\":\"2024-06-04T11:17:02+00:00\",\"breadcrumb\":{\"@id\":\"https:\/\/www.oxino.com\/pt-pt\/politica-de-privacidade\/#breadcrumb\"},\"inLanguage\":\"pt-PT\",\"potentialAction\":[{\"@type\":\"ReadAction\",\"target\":[\"https:\/\/www.oxino.com\/pt-pt\/politica-de-privacidade\/\"]}]},{\"@type\":\"BreadcrumbList\",\"@id\":\"https:\/\/www.oxino.com\/pt-pt\/politica-de-privacidade\/#breadcrumb\",\"itemListElement\":[{\"@type\":\"ListItem\",\"position\":1,\"name\":\"Portada\",\"item\":\"https:\/\/www.oxino.com\/pt-pt\/\"},{\"@type\":\"ListItem\",\"position\":2,\"name\":\"POL\u00cdTICA DE PRIVACIDADE\u200b\"}]},{\"@type\":\"WebSite\",\"@id\":\"https:\/\/www.oxino.com\/#website\",\"url\":\"https:\/\/www.oxino.com\/\",\"name\":\"Oxi...no\",\"description\":\"\",\"publisher\":{\"@id\":\"https:\/\/www.oxino.com\/#organization\"},\"potentialAction\":[{\"@type\":\"SearchAction\",\"target\":{\"@type\":\"EntryPoint\",\"urlTemplate\":\"https:\/\/www.oxino.com\/?s={search_term_string}\"},\"query-input\":\"required name=search_term_string\"}],\"inLanguage\":\"pt-PT\"},{\"@type\":\"Organization\",\"@id\":\"https:\/\/www.oxino.com\/#organization\",\"name\":\"Oxi...no\",\"url\":\"https:\/\/www.oxino.com\/\",\"logo\":{\"@type\":\"ImageObject\",\"inLanguage\":\"pt-PT\",\"@id\":\"https:\/\/www.oxino.com\/#\/schema\/logo\/image\/\",\"url\":\"https:\/\/www.oxino.com\/wp-content\/uploads\/2024\/01\/cropped-Logo_OXINO_Fondo_Blanco.webp\",\"contentUrl\":\"https:\/\/www.oxino.com\/wp-content\/uploads\/2024\/01\/cropped-Logo_OXINO_Fondo_Blanco.webp\",\"width\":512,\"height\":512,\"caption\":\"Oxi...no\"},\"image\":{\"@id\":\"https:\/\/www.oxino.com\/#\/schema\/logo\/image\/\"},\"sameAs\":[\"https:\/\/www.linkedin.com\/company\/oxi-no\/\"]}]}<\/script>\n<!-- \/ Yoast SEO plugin. -->","yoast_head_json":{"title":"POL\u00cdTICA DE PRIVACIDADE\u200b - Oxi...no","robots":{"index":"index","follow":"follow","max-snippet":"max-snippet:-1","max-image-preview":"max-image-preview:large","max-video-preview":"max-video-preview:-1"},"canonical":"https:\/\/www.oxino.com\/pt-pt\/politica-de-privacidade\/","og_locale":"pt_PT","og_type":"article","og_title":"POL\u00cdTICA DE PRIVACIDADE\u200b - Oxi...no","og_description":"POL\u00cdTICA DE PRIVACIDAD\u200bE DADOS DE IDENTIFICA\u00c7\u00c3O DO PROPRIET\u00c1RIO O titular do s\u00edtio Web www.oxino.com \u00e9 a Werku Tools SA (doravante, Werku), com domic\u00edlio na Carretera N-VI km 586, Oleiros, La Coru\u00f1a, Espanha, c\u00f3digo fiscal europeu ESA15098205, inscrita no Registo Comercial de La Coru\u00f1a, Espanha, Tomo 477, Livro 256 da Sec\u00e7\u00e3o 3 de Sociedades, F\u00f3lio 60, [&hellip;]","og_url":"https:\/\/www.oxino.com\/pt-pt\/politica-de-privacidade\/","og_site_name":"Oxi...no","article_modified_time":"2024-06-04T11:17:02+00:00","twitter_card":"summary_large_image","twitter_misc":{"Tempo estimado de leitura":"7 minutos"},"schema":{"@context":"https:\/\/schema.org","@graph":[{"@type":"WebPage","@id":"https:\/\/www.oxino.com\/pt-pt\/politica-de-privacidade\/","url":"https:\/\/www.oxino.com\/pt-pt\/politica-de-privacidade\/","name":"POL\u00cdTICA DE PRIVACIDADE\u200b - Oxi...no","isPartOf":{"@id":"https:\/\/www.oxino.com\/#website"},"datePublished":"2023-09-06T14:02:12+00:00","dateModified":"2024-06-04T11:17:02+00:00","breadcrumb":{"@id":"https:\/\/www.oxino.com\/pt-pt\/politica-de-privacidade\/#breadcrumb"},"inLanguage":"pt-PT","potentialAction":[{"@type":"ReadAction","target":["https:\/\/www.oxino.com\/pt-pt\/politica-de-privacidade\/"]}]},{"@type":"BreadcrumbList","@id":"https:\/\/www.oxino.com\/pt-pt\/politica-de-privacidade\/#breadcrumb","itemListElement":[{"@type":"ListItem","position":1,"name":"Portada","item":"https:\/\/www.oxino.com\/pt-pt\/"},{"@type":"ListItem","position":2,"name":"POL\u00cdTICA DE PRIVACIDADE\u200b"}]},{"@type":"WebSite","@id":"https:\/\/www.oxino.com\/#website","url":"https:\/\/www.oxino.com\/","name":"Oxi...no","description":"","publisher":{"@id":"https:\/\/www.oxino.com\/#organization"},"potentialAction":[{"@type":"SearchAction","target":{"@type":"EntryPoint","urlTemplate":"https:\/\/www.oxino.com\/?s={search_term_string}"},"query-input":"required name=search_term_string"}],"inLanguage":"pt-PT"},{"@type":"Organization","@id":"https:\/\/www.oxino.com\/#organization","name":"Oxi...no","url":"https:\/\/www.oxino.com\/","logo":{"@type":"ImageObject","inLanguage":"pt-PT","@id":"https:\/\/www.oxino.com\/#\/schema\/logo\/image\/","url":"https:\/\/www.oxino.com\/wp-content\/uploads\/2024\/01\/cropped-Logo_OXINO_Fondo_Blanco.webp","contentUrl":"https:\/\/www.oxino.com\/wp-content\/uploads\/2024\/01\/cropped-Logo_OXINO_Fondo_Blanco.webp","width":512,"height":512,"caption":"Oxi...no"},"image":{"@id":"https:\/\/www.oxino.com\/#\/schema\/logo\/image\/"},"sameAs":["https:\/\/www.linkedin.com\/company\/oxi-no\/"]}]}},"_links":{"self":[{"href":"https:\/\/www.oxino.com\/pt-pt\/wp-json\/wp\/v2\/pages\/10805","targetHints":{"allow":["GET"]}}],"collection":[{"href":"https:\/\/www.oxino.com\/pt-pt\/wp-json\/wp\/v2\/pages"}],"about":[{"href":"https:\/\/www.oxino.com\/pt-pt\/wp-json\/wp\/v2\/types\/page"}],"author":[{"embeddable":true,"href":"https:\/\/www.oxino.com\/pt-pt\/wp-json\/wp\/v2\/users\/1"}],"replies":[{"embeddable":true,"href":"https:\/\/www.oxino.com\/pt-pt\/wp-json\/wp\/v2\/comments?post=10805"}],"version-history":[{"count":14,"href":"https:\/\/www.oxino.com\/pt-pt\/wp-json\/wp\/v2\/pages\/10805\/revisions"}],"predecessor-version":[{"id":12422,"href":"https:\/\/www.oxino.com\/pt-pt\/wp-json\/wp\/v2\/pages\/10805\/revisions\/12422"}],"wp:attachment":[{"href":"https:\/\/www.oxino.com\/pt-pt\/wp-json\/wp\/v2\/media?parent=10805"}],"curies":[{"name":"wp","href":"https:\/\/api.w.org\/{rel}","templated":true}]}}