{"id":10796,"date":"2023-09-06T15:55:18","date_gmt":"2023-09-06T13:55:18","guid":{"rendered":"https:\/\/www.oxino.com\/tratamiento-de-datos-personales-2\/"},"modified":"2024-06-04T13:16:27","modified_gmt":"2024-06-04T11:16:27","slug":"tratamento-de-dados-pessoais","status":"publish","type":"page","link":"https:\/\/www.oxino.com\/pt-pt\/tratamento-de-dados-pessoais\/","title":{"rendered":"TRATAMENTO DE DADOS PESSOAIS"},"content":{"rendered":"\t\t<div data-elementor-type=\"wp-page\" data-elementor-id=\"10796\" class=\"elementor elementor-10796 elementor-8617\">\n\t\t\t\t\t\t<section class=\"elementor-section elementor-top-section elementor-element elementor-element-8aa1641 elementor-section-boxed elementor-section-height-default elementor-section-height-default qodef-elementor-content-no\" data-id=\"8aa1641\" data-element_type=\"section\">\n\t\t\t\t\t\t<div class=\"elementor-container elementor-column-gap-default\">\n\t\t\t\t\t<div class=\"elementor-column elementor-col-100 elementor-top-column elementor-element elementor-element-504bd34\" data-id=\"504bd34\" data-element_type=\"column\">\n\t\t\t<div class=\"elementor-widget-wrap elementor-element-populated\">\n\t\t\t\t\t\t<div class=\"elementor-element elementor-element-696519a elementor-widget elementor-widget-heading\" data-id=\"696519a\" data-element_type=\"widget\" data-widget_type=\"heading.default\">\n\t\t\t\t<div class=\"elementor-widget-container\">\n\t\t\t<style>\/*! elementor - v3.21.0 - 22-05-2024 *\/\n.elementor-heading-title{padding:0;margin:0;line-height:1}.elementor-widget-heading .elementor-heading-title[class*=elementor-size-]>a{color:inherit;font-size:inherit;line-height:inherit}.elementor-widget-heading .elementor-heading-title.elementor-size-small{font-size:15px}.elementor-widget-heading .elementor-heading-title.elementor-size-medium{font-size:19px}.elementor-widget-heading .elementor-heading-title.elementor-size-large{font-size:29px}.elementor-widget-heading .elementor-heading-title.elementor-size-xl{font-size:39px}.elementor-widget-heading .elementor-heading-title.elementor-size-xxl{font-size:59px}<\/style><h2 class=\"elementor-heading-title elementor-size-default\">TRATAMENTO DE DADOS PESSOAIS<\/h2>\t\t<\/div>\n\t\t\t\t<\/div>\n\t\t\t\t<div class=\"elementor-element elementor-element-05f639b elementor-widget elementor-widget-text-editor\" data-id=\"05f639b\" data-element_type=\"widget\" data-widget_type=\"text-editor.default\">\n\t\t\t\t<div class=\"elementor-widget-container\">\n\t\t\t<style>\/*! elementor - v3.21.0 - 22-05-2024 *\/\n.elementor-widget-text-editor.elementor-drop-cap-view-stacked .elementor-drop-cap{background-color:#69727d;color:#fff}.elementor-widget-text-editor.elementor-drop-cap-view-framed .elementor-drop-cap{color:#69727d;border:3px solid;background-color:transparent}.elementor-widget-text-editor:not(.elementor-drop-cap-view-default) .elementor-drop-cap{margin-top:8px}.elementor-widget-text-editor:not(.elementor-drop-cap-view-default) .elementor-drop-cap-letter{width:1em;height:1em}.elementor-widget-text-editor .elementor-drop-cap{float:left;text-align:center;line-height:1;font-size:50px}.elementor-widget-text-editor .elementor-drop-cap-letter{display:inline-block}<\/style>\t\t\t\t<p dir=\"ltr\" style=\"line-height: 1.38; margin-top: 12pt; margin-bottom: 12pt;\"><font color=\"#000000\"><span style=\"font-size: 14.6667px; white-space-collapse: preserve;\"><b>CONTRATO DE TRATAMENTO DE DADOS PESSOAIS<\/b><\/span><\/font><\/p>\n<p><b><font color=\"#000000\"><\/font><\/b><\/p>\n<p><b><font color=\"#000000\"><\/font><\/b><\/p>\n<p><b><font color=\"#000000\"><\/font><\/b><\/p>\n<p><b><font color=\"#000000\"><\/font><\/b><\/p>\n<p><b><font color=\"#000000\"><\/font><\/b><\/p>\n<p><b><font color=\"#000000\"><\/font><\/b><\/p>\n<p><b><font color=\"#000000\"><\/font><\/b><\/p>\n<p><b><font color=\"#000000\"><\/font><\/b><\/p>\n<p><b><font color=\"#000000\"><\/font><\/b><\/p>\n<p><b><font color=\"#000000\"><\/font><\/b><\/p>\n<p><b><font color=\"#000000\"><\/font><\/b><\/p>\n<p><b><font color=\"#000000\"><\/font><\/b><\/p>\n<p><b><font color=\"#000000\"><\/font><\/b><\/p>\n<p><b><font color=\"#000000\"><\/font><\/b><\/p>\n<p><b><font color=\"#000000\"><\/font><\/b><\/p>\n<p><b><font color=\"#000000\"><\/font><\/b><\/p>\n<p><b><font color=\"#000000\"><\/font><\/b><\/p>\n<p><span style=\"color: rgb(0, 0, 0);\">O presente Contrato de Tratamento de Dados (doravante designado por APD) faz parte das Condi\u00e7\u00f5es Gerais de Utiliza\u00e7\u00e3o dos servi\u00e7os da Sendinblue (doravante designado por Contrato). Todos os termos em mai\u00fasculas n\u00e3o definidos no presente ATD ter\u00e3o o mesmo significado que o estabelecido no Contrato.<\/span><br><\/p>\n<p><font color=\"#000000\"><\/font><\/p><font color=\"#000000\">\n<p>O presente ATD tem por objetivo definir as condi\u00e7\u00f5es nas quais a Sendinblue se compromete a realizar, por conta do Utilizador, as opera\u00e7\u00f5es de tratamento de dados definidas abaixo.<\/p>\n<p>No \u00e2mbito do presente ATD, o Utilizador age como Respons\u00e1vel pelo Tratamento de Dados e a Sendinblue como Respons\u00e1vel pelo Tratamento de Dados na ace\u00e7\u00e3o da Lei de Prote\u00e7\u00e3o de Dados da UE.<\/p>\n<p><b>1 &#8211; DEFINI\u00c7\u00d5ES <\/b><\/p>\n<p><b>Dados do Utilizado<\/b>r significa quaisquer Dados Pessoais que a Sendinblue processa em nome do Utilizador como Processador de Dados no decurso da presta\u00e7\u00e3o dos servi\u00e7os.<\/p>\n<p><b>Respons\u00e1vel pelo tratamento de dados <\/b>significa o Utilizador (Werku Tools SA).<\/p>\n<p><b>Processador de Dados <\/b>significa a Sendinblue.<\/p>\n<p><b>Lei de Prote\u00e7\u00e3o de Dados da UE<\/b> significa o Regulamento 2016\/679 do Parlamento Europeu e do Conselho relativo \u00e0 prote\u00e7\u00e3o das pessoas singulares no que diz respeito ao tratamento de dados pessoais e \u00e0 livre circula\u00e7\u00e3o desses dados (Regulamento Geral de Prote\u00e7\u00e3o de Dados).<\/p>\n<\/font><p><font color=\"#000000\"><\/font><\/p>\n<p><font color=\"#000000\"><\/font><\/p>\n<p><font color=\"#000000\"><\/font><\/p>\n<p><font color=\"#000000\"><\/font><\/p>\n<p><font color=\"#000000\"><\/font><\/p>\n<p><font color=\"#000000\"><\/font><\/p>\n<p><font color=\"#000000\"><\/font><\/p>\n<p><font color=\"#000000\"><\/font><\/p>\n<p><font color=\"#000000\"><\/font><\/p>\n<p><font color=\"#000000\"><\/font><\/p>\n<p><font color=\"#000000\"><\/font><\/p>\n<p><font color=\"#000000\"><\/font><\/p>\n<p><font color=\"#000000\"><\/font><\/p>\n<p><font color=\"#000000\"><\/font><\/p>\n<p><font color=\"#000000\"><\/font><\/p>\n<p><font color=\"#000000\"><\/font><\/p>\n<p><font color=\"#000000\"><\/font><\/p>\n<p><font color=\"#000000\"><\/font><\/p>\n<p><font color=\"#000000\"><\/font><\/p>\n<p><font color=\"#000000\">(GDPR).<\/font><br><\/p>\n<p dir=\"ltr\" style=\"line-height: 1.38; margin-top: 12pt; margin-bottom: 12pt;\"><font color=\"#000000\"><span style=\"font-size: 14.6667px; white-space-collapse: preserve;\"><b>EEE <\/b>significa o Espa\u00e7o Econ\u00f3mico Europeu.<\/span><\/font><\/p>\n<p><font color=\"#000000\"><\/font><\/p>\n<p><font color=\"#000000\"><\/font><\/p>\n<p><font color=\"#000000\"><\/font><\/p>\n<p><font color=\"#000000\"><\/font><\/p>\n<p><font color=\"#000000\"><\/font><\/p>\n<p><font color=\"#000000\"><\/font><\/p>\n<p><font color=\"#000000\"><\/font><\/p>\n<p><font color=\"#000000\"><\/font><\/p>\n<p><font color=\"#000000\"><\/font><\/p>\n<p><font color=\"#000000\"><\/font><\/p>\n<p><font color=\"#000000\"><\/font><\/p>\n<p><font color=\"#000000\"><\/font><\/p>\n<p><font color=\"#000000\"><\/font><\/p>\n<p><font color=\"#000000\"><\/font><\/p>\n<p><font color=\"#000000\"><\/font><\/p>\n<p><font color=\"#000000\"><\/font><\/p>\n<p><font color=\"#000000\"><\/font><\/p>\n<p><font color=\"#000000\"><\/font><\/p><font color=\"#000000\">\n<p><b>Informa\u00e7\u00e3o Pessoal<\/b> significa qualquer informa\u00e7\u00e3o relativa a uma pessoa singular identificada ou identific\u00e1vel.<\/p>\n<p><b>Processamento <\/b>tem o significado que lhe \u00e9 atribu\u00eddo no RGPD e processo, processos e processado devem ser interpretados em conformidade.<\/p>\n<p><b>Sub-processador<\/b> significa qualquer Processador de Dados contratado pela Sendinblue para ajudar no cumprimento das suas obriga\u00e7\u00f5es relativamente \u00e0 presta\u00e7\u00e3o dos Servi\u00e7os de acordo com o Contrato ou o presente APD. Os subcontratantes podem incluir terceiros ou membros do grupo Sendinblue.<\/p>\n<p><b>2 &#8211; PORMENORES DO TRATAMENTO DE DADOS <\/b><\/p>\n<p><b>2.1 <\/b>A Sendinblue processar\u00e1 os Dados do Utilizador apenas para as finalidades descritas no ATD e apenas em conformidade com as instru\u00e7\u00f5es legais documentadas do Utilizador. As Partes acordam que o presente ATD e o Contrato definem as instru\u00e7\u00f5es completas e finais do Utilizador \u00e0 Sendinblue em rela\u00e7\u00e3o ao tratamento dos Dados do Utilizador.<\/p>\n<p><b>2.2 <\/b>Dura\u00e7\u00e3o: Tal como entre a Sendinblue e o Utilizador, a dura\u00e7\u00e3o do tratamento de dados ao abrigo do presente ATD \u00e9 at\u00e9 \u00e0 cessa\u00e7\u00e3o do Contrato em conformidade com os seus termos.<\/p>\n<\/font><p><font color=\"#000000\"><\/font><\/p>\n<p><font color=\"#000000\"><\/font><\/p>\n<p><font color=\"#000000\"><\/font><\/p>\n<p><font color=\"#000000\"><\/font><\/p>\n<p><font color=\"#000000\"><\/font><\/p>\n<p><font color=\"#000000\"><\/font><\/p>\n<p><font color=\"#000000\"><\/font><\/p>\n<p><font color=\"#000000\"><\/font><\/p>\n<p><font color=\"#000000\"><\/font><\/p>\n<p><font color=\"#000000\"><\/font><\/p>\n<p><font color=\"#000000\"><\/font><\/p>\n<p><font color=\"#000000\"><\/font><\/p>\n<p><font color=\"#000000\"><\/font><\/p>\n<p><font color=\"#000000\"><\/font><\/p>\n<p><font color=\"#000000\"><\/font><\/p>\n<p><font color=\"#000000\"><\/font><\/p>\n<p><font color=\"#000000\"><\/font><\/p>\n<p><font color=\"#000000\"><\/font><\/p>\n<p><font color=\"#000000\"><b>2.3<\/b> Finalidade: A finalidade do tratamento de dados ao abrigo do presente ATD \u00e9 o envio de e-mails de marketing e\/ou transaccionais e\/ou SMS.<\/font><br><\/p>\n<p dir=\"ltr\" style=\"line-height: 1.38; margin-top: 12pt; margin-bottom: 12pt;\"><font color=\"#000000\"><span style=\"font-size: 14.6667px; white-space-collapse: preserve;\"><b>2.4 <\/b>As opera\u00e7\u00f5es de tratamento de dados efectuadas pela Sendinblue em nome do Utilizador s\u00e3o definidas abaixo:<\/span><\/font><\/p>\n<p><font color=\"#000000\"><\/font><\/p>\n<p><font color=\"#000000\"><\/font><\/p>\n<p><font color=\"#000000\"><\/font><\/p>\n<p><font color=\"#000000\"><\/font><\/p>\n<p><font color=\"#000000\"><\/font><\/p>\n<p><font color=\"#000000\"><\/font><\/p>\n<p><font color=\"#000000\"><\/font><\/p>\n<p><font color=\"#000000\"><\/font><\/p>\n<p><font color=\"#000000\"><\/font><\/p>\n<p><font color=\"#000000\"><\/font><\/p>\n<p><font color=\"#000000\"><\/font><\/p>\n<p><font color=\"#000000\"><\/font><\/p>\n<p><font color=\"#000000\"><\/font><\/p>\n<p><font color=\"#000000\"><\/font><\/p>\n<p><font color=\"#000000\"><\/font><\/p>\n<p><font color=\"#000000\"><\/font><\/p>\n<p><font color=\"#000000\"><\/font><\/p><font color=\"#000000\">\n<p>&#8211; Armazenamento das listas de contactos carregadas pelo Utilizador.<br>&#8211; Envio de mensagens de correio eletr\u00f3nico ou SMS automatizadas ou n\u00e3o automatizadas (incluindo o seguimento da encomenda, a confirma\u00e7\u00e3o da encomenda, as newsletters)<br>&#8211; Reten\u00e7\u00e3o e an\u00e1lise de dados de capacidade de entrega de correio eletr\u00f3nico (visualiza\u00e7\u00e3o de retargeting)<br>&#8211; Recolha de anula\u00e7\u00f5es de subscri\u00e7\u00f5es e de informa\u00e7\u00f5es do utilizador<br>&#8211; Recolha de consentimentos (no caso de o Utilizador utilizar o formul\u00e1rio da Sendinblue para obter dados de contacto do seu pr\u00f3prio site)<br>&#8211; An\u00e1lise do comportamento dos destinat\u00e1rios dos e-mails (acompanhamento das taxas de abertura, de cliques e de rejei\u00e7\u00e3o a n\u00edvel individual).<\/p>\n<\/font><p><font color=\"#000000\"><\/font><\/p>\n<p><font color=\"#000000\"><\/font><\/p>\n<p><font color=\"#000000\"><\/font><\/p>\n<p><font color=\"#000000\"><\/font><\/p>\n<p><font color=\"#000000\"><\/font><\/p>\n<p><font color=\"#000000\"><\/font><\/p>\n<p><font color=\"#000000\"><\/font><\/p>\n<p><font color=\"#000000\"><\/font><\/p>\n<p><font color=\"#000000\"><\/font><\/p>\n<p><font color=\"#000000\"><\/font><\/p>\n<p><font color=\"#000000\"><\/font><\/p>\n<p><font color=\"#000000\"><\/font><\/p>\n<p><font color=\"#000000\"><\/font><\/p>\n<p><font color=\"#000000\"><\/font><\/p>\n<p><font color=\"#000000\"><\/font><\/p>\n<p><font color=\"#000000\"><\/font><\/p>\n<p><font color=\"#000000\"><\/font><\/p>\n<p><font color=\"#000000\"><b>2.5 <\/b>Categorias de sujeitos de dados: Qualquer indiv\u00edduo: (i) cujo endere\u00e7o de e-mail esteja inclu\u00eddo na lista de distribui\u00e7\u00e3o do Utilizador; (ii) cujas informa\u00e7\u00f5es sejam armazenadas ou recolhidas atrav\u00e9s dos Servi\u00e7os; ou (iii) a quem o Utilizador envie e-mails ou se envolva ou comunique atrav\u00e9s dos Servi\u00e7os e, mais precisamente, clientes e potenciais clientes.<br><\/font><\/p>\n<p dir=\"ltr\" style=\"line-height: 1.38; margin-top: 12pt; margin-bottom: 12pt;\"><font color=\"#000000\"><span style=\"font-size: 14.6667px; white-space-collapse: preserve;\"><b>2.6<\/b> Tipos de Dados do Utilizador: Qualquer tipo de dados determinados e controlados pelo Utilizador, a seu exclusivo crit\u00e9rio, no contexto da sua utiliza\u00e7\u00e3o e configura\u00e7\u00e3o dos servi\u00e7os, tais como detalhes de contacto (tais como e-mail e n\u00famero de telefone); informa\u00e7\u00f5es inform\u00e1ticas (endere\u00e7os IP, dados de cookies).<\/span><\/font><\/p>\n<p><font color=\"#000000\"><\/font><\/p>\n<p><font color=\"#000000\"><\/font><\/p>\n<p><font color=\"#000000\"><\/font><\/p>\n<p><font color=\"#000000\"><\/font><\/p>\n<p><font color=\"#000000\"><\/font><\/p>\n<p><font color=\"#000000\"><\/font><\/p>\n<p><font color=\"#000000\"><\/font><\/p>\n<p><font color=\"#000000\"><\/font><\/p>\n<p><font color=\"#000000\"><\/font><\/p>\n<p><font color=\"#000000\"><\/font><\/p>\n<p><font color=\"#000000\"><\/font><\/p>\n<p><font color=\"#000000\"><\/font><\/p>\n<p><font color=\"#000000\"><\/font><\/p>\n<p><font color=\"#000000\"><\/font><\/p>\n<p><font color=\"#000000\"><\/font><\/p>\n<p><font color=\"#000000\"><b><\/b><\/font><\/p><font color=\"#000000\"><b>\n<p>3 &#8211; OBRIGA\u00c7\u00d5ES DO UTILIZADOR <\/p>\n<\/b><\/font><p><font color=\"#000000\"><b><\/b><\/font><\/p>\n<p><b><font color=\"#000000\"><\/font><\/b><\/p>\n<p><b><font color=\"#000000\"><\/font><\/b><\/p>\n<p><b><font color=\"#000000\"><\/font><\/b><\/p>\n<p><b><font color=\"#000000\"><\/font><\/b><\/p>\n<p><b><font color=\"#000000\"><\/font><\/b><\/p>\n<p><b><font color=\"#000000\"><\/font><\/b><\/p>\n<p><b><font color=\"#000000\"><\/font><\/b><\/p>\n<p><b><font color=\"#000000\"><\/font><\/b><\/p>\n<p><b><font color=\"#000000\"><\/font><\/b><\/p>\n<p><b><font color=\"#000000\"><\/font><\/b><\/p>\n<p><b><font color=\"#000000\"><\/font><\/b><\/p>\n<p><b><font color=\"#000000\"><\/font><\/b><\/p>\n<p><b><font color=\"#000000\"><\/font><\/b><\/p>\n<p><b><font color=\"#000000\"><\/font><\/b><\/p>\n<p><b><font color=\"#000000\"><\/font><\/b><\/p>\n<p><font color=\"#000000\"><b>3.1<\/b> Se o Utilizador estiver estabelecido na Uni\u00e3o Europeia, ou se a sua Lista de Distribui\u00e7\u00e3o contiver Dados Pessoais de cidad\u00e3os da Uni\u00e3o Europeia, o Utilizador concorda que cumprir\u00e1 as suas obriga\u00e7\u00f5es como Respons\u00e1vel pelo Tratamento de Dados ao abrigo da Lei de Prote\u00e7\u00e3o de Dados da UE e, em particular:<\/font><\/p>\n<p><font color=\"#000000\">&#8211; Que os Dados Pessoais contidos nos ficheiros transmitidos foram recolhidos e processados de acordo com os regulamentos aplic\u00e1veis<\/font><\/p>\n<p><font color=\"#000000\">&#8211; Que o Utilizador informou os titulares dos dados em conformidade com a regulamenta\u00e7\u00e3o aplic\u00e1vel<\/font><\/p>\n<p><font color=\"#000000\">&#8211; Se for caso disso, que as pessoas em causa deram o seu consentimento para a recolha e o tratamento<\/font><\/p>\n<p><font color=\"#000000\">&#8211; Que as pessoas em causa poder\u00e3o exercer os seus direitos em conformidade com as regras aplic\u00e1veis<\/font><\/p>\n<p><font color=\"#000000\">&#8211; Que o Utilizador se compromete a mandar retificar, completar, clarificar, atualizar ou apagar as informa\u00e7\u00f5es se estas forem inexactas, incompletas, amb\u00edguas ou desactualizadas, ou se a pessoa em causa desejar proibir a sua recolha, utiliza\u00e7\u00e3o, comunica\u00e7\u00e3o ou conserva\u00e7\u00e3o<\/font><\/p>\n<p><span style=\"color: rgb(0, 0, 0);\"><b>3.2 <\/b>\u00c9 especificado que o Utilizador \u00e9 o \u00fanico respons\u00e1vel pela gest\u00e3o dos prazos de conserva\u00e7\u00e3o dos Dados Pessoais que carrega na plataforma Sendinblue e que \u00e9 da sua responsabilidade eliminar os dados quando o seu prazo de conserva\u00e7\u00e3o expira. A Sendinblue \u00e9 a \u00fanica respons\u00e1vel pela elimina\u00e7\u00e3o destes dados no final da sua rela\u00e7\u00e3o contratual com o Utilizador.<\/span><br><\/p>\n<p><font color=\"#000000\"><b>3.3<\/b> O Utilizador compromete-se a n\u00e3o incluir nas listas de distribui\u00e7\u00e3o carregadas na plataforma quaisquer Dados Pessoais considerados \u201csens\u00edveis\u201d na ace\u00e7\u00e3o do artigo 9 do RGPD.<\/font><br><\/p>\n<p dir=\"ltr\" style=\"line-height: 1.38; margin-top: 12pt; margin-bottom: 12pt;\"><font color=\"#000000\"><span style=\"font-size: 14.6667px; white-space-collapse: preserve;\"><b>4 &#8211; OBRIGA\u00c7\u00d5ES DA SENDINBLUE&nbsp;<\/b><\/span><\/font><\/p>\n<p dir=\"ltr\" style=\"line-height: 1.38; margin-top: 12pt; margin-bottom: 12pt;\"><span style=\"font-size: 14.6667px; white-space-collapse: preserve; color: rgb(0, 0, 0);\"><b>4.1<\/b> Respeito pelas instru\u00e7\u00f5es e regulamentos do Utilizador.<\/span><br><\/p>\n<p dir=\"ltr\" style=\"line-height: 1.38; margin-top: 12pt; margin-bottom: 12pt;\"><font color=\"#000000\"><span style=\"font-size: 14.6667px; white-space-collapse: preserve;\">A Sendinblue compromete-se a:<\/span><\/font><\/p>\n<p dir=\"ltr\" style=\"line-height: 1.38; margin-top: 12pt; margin-bottom: 12pt;\"><font color=\"#000000\"><span style=\"font-size: 14.6667px; white-space-collapse: preserve;\">&#8211; Processar os Dados Pessoais apenas para as finalidades definidas na presente APD<\/span><\/font><\/p>\n<p dir=\"ltr\" style=\"line-height: 1.38; margin-top: 12pt; margin-bottom: 12pt;\"><font color=\"#000000\"><span style=\"font-size: 14.6667px; white-space-collapse: preserve;\">&#8211; Tratar os Dados Pessoais em conformidade com as instru\u00e7\u00f5es do respons\u00e1vel pelo tratamento. Se a Sendinblue considerar que uma instru\u00e7\u00e3o constitui uma viola\u00e7\u00e3o do direito comunit\u00e1rio em mat\u00e9ria de prote\u00e7\u00e3o de dados, informar\u00e1 imediatamente o Utilizador<\/span><\/font><\/p>\n<p dir=\"ltr\" style=\"line-height: 1.38; margin-top: 12pt; margin-bottom: 12pt;\"><font color=\"#000000\"><span style=\"font-size: 14.6667px; white-space-collapse: preserve;\">&#8211; garantir a confidencialidade dos Dados Pessoais tratados no \u00e2mbito do presente Contrato<\/span><\/font><\/p>\n<p dir=\"ltr\" style=\"line-height: 1.38; margin-top: 12pt; margin-bottom: 12pt;\"><font color=\"#000000\"><span style=\"font-size: 14.6667px; white-space-collapse: preserve;\">&#8211; Garantir que as pessoas autorizadas a tratar os Dados Pessoais ao abrigo do presente ATD:<\/span><\/font><\/p>\n<p dir=\"ltr\" style=\"line-height: 1.38; margin-top: 12pt; margin-bottom: 12pt;\"><span style=\"font-size: 14.6667px; white-space-collapse: preserve; color: rgb(0, 0, 0);\"> se comprometem a respeitar a confidencialidade ou est\u00e3o sujeitas a uma obriga\u00e7\u00e3o legal de confidencialidade adequada<\/span><br><\/p>\n<p dir=\"ltr\" style=\"line-height: 1.38; margin-top: 12pt; margin-bottom: 12pt;\"><font color=\"#000000\"><span style=\"font-size: 14.6667px; white-space-collapse: preserve;\">&#8211; Recebam a forma\u00e7\u00e3o necess\u00e1ria em mat\u00e9ria de prote\u00e7\u00e3o de dados pessoais; designem um respons\u00e1vel pela prote\u00e7\u00e3o de dados: Jules Jeanroy, dpo@sendinblue.com<\/span><\/font><\/p>\n<p dir=\"ltr\" style=\"line-height: 1.38; margin-top: 12pt; margin-bottom: 12pt;\"><font color=\"#000000\"><span style=\"font-size: 14.6667px; white-space-collapse: preserve;\">&#8211; Manter um registo que enumere as opera\u00e7\u00f5es de tratamento efectuadas em nome do Respons\u00e1vel pelo Tratamento de Dados, incluindo todas as informa\u00e7\u00f5es enumeradas no Artigo 30 (2) do RGPD.<\/span><\/font><\/p>\n<p dir=\"ltr\" style=\"line-height: 1.38; margin-top: 12pt; margin-bottom: 12pt;\"><font color=\"#000000\"><span style=\"font-size: 14.6667px; white-space-collapse: preserve;\"><b>4.2 Seguran\u00e7a<\/b>: A Sendinblue compromete-se a tomar todas as precau\u00e7\u00f5es necess\u00e1rias, tendo em conta a natureza dos Dados Pessoais e os riscos apresentados pelo tratamento, para preservar a seguran\u00e7a dos Dados Pessoais e, em particular, para evitar que estes sejam distorcidos, danificados ou acedidos por terceiros n\u00e3o autorizados. A Sendinblue compromete-se neste contexto a implementar as medidas t\u00e9cnicas e organizativas<\/span><\/font><\/p>\n<p><font color=\"#000000\"><\/font><\/p>\n<p><font color=\"#000000\"><\/font><\/p>\n<p><font color=\"#000000\"><\/font><\/p>\n<p><font color=\"#000000\"><\/font><\/p>\n<p><font color=\"#000000\"><\/font><\/p>\n<p><font color=\"#000000\"><\/font><\/p>\n<p><font color=\"#000000\"><\/font><\/p>\n<p><font color=\"#000000\"><\/font><\/p>\n<p><font color=\"#000000\"><\/font><\/p><font color=\"#000000\">\n<p>medidas de seguran\u00e7a e de confidencialidade t\u00e9cnicas e organizacionais adequadas.<\/p>\n<p><b>4.3 Fuga de dados: <\/b>Ao tomar conhecimento de qualquer viola\u00e7\u00e3o de Dados Pessoais, a Sendinblue notificar\u00e1 o Utilizador no prazo de 72 horas ap\u00f3s ter tomado conhecimento da mesma, por notifica\u00e7\u00e3o atrav\u00e9s da conta cliente do Utilizador ou por e-mail para o endere\u00e7o, nomeadamente para permitir ao Utilizador, cumprir a obriga\u00e7\u00e3o prevista no artigo 33 do RGPD.<\/p>\n<\/font><p><font color=\"#000000\"><\/font><\/p>\n<p><font color=\"#000000\"><\/font><\/p>\n<p><font color=\"#000000\"><\/font><\/p>\n<p><font color=\"#000000\"><\/font><\/p>\n<p><font color=\"#000000\"><\/font><\/p>\n<p><font color=\"#000000\"><\/font><\/p>\n<p><font color=\"#000000\"><\/font><\/p>\n<p><font color=\"#000000\"><\/font><\/p>\n<p><font color=\"#000000\"><\/font><\/p>\n<p><font color=\"#000000\"><\/font><\/p>\n<p dir=\"ltr\" style=\"line-height: 1.38; margin-top: 12pt; margin-bottom: 12pt;\"><b>&nbsp;<\/b><font color=\"#000000\"><span style=\"font-size: 14.6667px; white-space-collapse: preserve;\"><b>4.4 Destrui\u00e7\u00e3o: <\/b>Em qualquer momento da execu\u00e7\u00e3o do Contrato, o Utilizador pode aceder ou eliminar os Dados Pessoais tratados pela Sendinblue diretamente da sua conta cliente clicando no \u201cbot\u00e3o exportar\u201d na sua conta cliente. No termo da rela\u00e7\u00e3o contratual, a Sendinblue compromete-se, a pedido do Utilizador, a destruir todos os Dados Pessoais, ou a devolv\u00ea-los ao Utilizador ou a outro respons\u00e1vel pelo tratamento de dados por ele designado, se for tecnicamente vi\u00e1vel e num prazo m\u00e1ximo de 3 meses. A devolu\u00e7\u00e3o deve ser acompanhada da destrui\u00e7\u00e3o das c\u00f3pias existentes nos sistemas de informa\u00e7\u00e3o da Sendinblue, exceto se a legisla\u00e7\u00e3o aplic\u00e1vel exigir a sua conserva\u00e7\u00e3o. A Sendinblue compromete-se a fornecer ao Utilizador, mediante pedido, a prova desta destrui\u00e7\u00e3o.<\/span><\/font><br><\/p>\n<p dir=\"ltr\" style=\"line-height: 1.38; margin-top: 12pt; margin-bottom: 12pt;\"><font color=\"#000000\"><span style=\"font-size: 14.6667px; white-space-collapse: preserve;\"><b>5 &#8211; ASSIST\u00caNCIA E AUDITORIA<\/b><\/span><\/font><\/p>\n<p><font color=\"#000000\"><b>5.1 Assist\u00eancia: <\/b>Na medida em que o Utilizador n\u00e3o possa aceder de forma independente aos Dados do Utilizador relevantes no \u00e2mbito dos servi\u00e7os, a Sendinblue prestar\u00e1 (a expensas do Utilizador) uma coopera\u00e7\u00e3o razo\u00e1vel para ajudar o Utilizador a responder a quaisquer pedidos de indiv\u00edduos ou de autoridades de prote\u00e7\u00e3o de dados aplic\u00e1veis relacionados com o tratamento de Dados Pessoais no \u00e2mbito do Contrato. No caso de tal pedido ser feito diretamente \u00e0 Sendinblue, a Sendinblue n\u00e3o responder\u00e1 a tal comunica\u00e7\u00e3o diretamente sem a autoriza\u00e7\u00e3o pr\u00e9via do Utilizador, a menos que seja legalmente obrigada a faz\u00ea-lo. Se a Sendinblue for obrigada a responder a um tal pedido, a Sendinblue notificar\u00e1 imediatamente o Utilizador e fornecer\u00e1 uma c\u00f3pia do pedido, exceto se for legalmente proibido.<\/font><br><\/p>\n<p dir=\"ltr\" style=\"line-height: 1.38; margin-top: 12pt; margin-bottom: 12pt;\"><font color=\"#000000\"><span style=\"font-size: 14.6667px; white-space-collapse: preserve;\"><b>5.2 Auditoria: <\/b>A Sendinblue compromete-se a fornecer ao Utilizador todas as informa\u00e7\u00f5es e documentos necess\u00e1rios para demonstrar o cumprimento das obriga\u00e7\u00f5es definidas no presente ATD. A Sendinblue autoriza o Utilizador ou qualquer outro auditor externo n\u00e3o concorrente da Sendinblue e contratado pelo Utilizador, a expensas do Utilizador, a inspecionar e auditar as suas actividades de tratamento de Dados Pessoais e compromete-se a aceder a todos os pedidos razo\u00e1veis feitos pelo Utilizador para verificar se a Sendinblue cumpriu as obriga\u00e7\u00f5es contratuais impostas pelo presente ATD. Estas auditorias n\u00e3o podem ser efectuadas mais do que uma (1) por ano contratual. Em todos os casos, o Utilizador deve avisar a Sendinblue com uma anteced\u00eancia m\u00ednima de trinta (30) dias e a auditoria n\u00e3o deve em caso algum interromper as actividades em curso da Sendinblue. A auditoria ser\u00e1 limitada \u00e0s actividades de tratamento de Dados Pessoais realizadas pela Sendinblue por conta do Utilizador, e o Utilizador n\u00e3o poder\u00e1 aceder aos dados relativos aos outros clientes da Sendinblue. Uma c\u00f3pia do relat\u00f3rio de auditoria ser\u00e1 fornecida gratuitamente \u00e0 Sendinblue.<\/span><\/font><br><\/p>\n<p dir=\"ltr\" style=\"line-height: 1.38; margin-top: 12pt; margin-bottom: 12pt;\"><font color=\"#000000\"><span style=\"font-size: 14.6667px; white-space-collapse: preserve;\"><b>6 &#8211; TRANSFER\u00caNCIAS DE DADOS E SUB-PROCESSAMENTO<\/b><\/span><\/font><\/p>\n<p><b><font color=\"#000000\"><\/font><\/b><\/p>\n<p><b><font color=\"#000000\"><\/font><\/b><\/p>\n<p><b><font color=\"#000000\"><\/font><\/b><\/p>\n<p><b><font color=\"#000000\"><\/font><\/b><\/p>\n<p><b><font color=\"#000000\"><\/font><\/b><\/p><font color=\"#000000\"><b>\n<\/b><p><b>6.1 Subcontratantes autorizados: <\/b>O Utilizador \u00e9 informado e aceita expressamente que, no \u00e2mbito da presta\u00e7\u00e3o do servi\u00e7o ao abrigo do Contrato, a Sendinblue pode recorrer a Subcontratantes, que aceder\u00e3o\/tratar\u00e3o os Dados Pessoais confiados pelo Utilizador em seu nome. A lista dos subcontratantes em causa est\u00e1 dispon\u00edvel em https:\/\/bit.ly\/subcontactors-SIB-EN-int.<\/p>\n<\/font><p><font color=\"#000000\"><\/font><\/p>\n<p><font color=\"#000000\"><\/font><\/p>\n<p><font color=\"#000000\"><\/font><\/p>\n<p><font color=\"#000000\"><\/font><\/p>\n<p><font color=\"#000000\"><\/font><\/p>\n<p><font color=\"#000000\"><b>6.2 Obriga\u00e7\u00f5es dos Subcontratantes:<\/b> A Sendinblue deve: (i) celebrar um acordo por escrito com os Subcontratantes que imponha termos de prote\u00e7\u00e3o de dados que exijam que o Subcontratante proteja os Dados do Utilizador de acordo com o padr\u00e3o exigido pela Lei de Prote\u00e7\u00e3o de Dados da UE; e (ii) permanecer respons\u00e1vel pelo cumprimento das suas obriga\u00e7\u00f5es ao abrigo do presente ATD e por qualquer ato ou omiss\u00e3o do Subcontratante que fa\u00e7a com que a Sendinblue viole qualquer uma das suas obriga\u00e7\u00f5es ao abrigo do presente ATD.<\/font><br><\/p>\n<p dir=\"ltr\" style=\"line-height: 1.38; margin-top: 12pt; margin-bottom: 12pt;\"><font color=\"#000000\"><span style=\"font-size: 14.6667px; white-space-collapse: preserve;\"><b>6.3 Modifica\u00e7\u00e3o dos subcontratantes: <\/b>Em caso de modifica\u00e7\u00e3o da lista dos seus subcontratantes, a Sendinblue notificar\u00e1 o Utilizador por e-mail ou por notifica\u00e7\u00e3o atrav\u00e9s da conta do cliente, e o Utilizador ter\u00e1 a possibilidade de rescindir o Contrato em caso de obje\u00e7\u00e3o.<br>\u00c9 especificado que esta notifica\u00e7\u00e3o incluir\u00e1 qualquer informa\u00e7\u00e3o relativa a eventuais transfer\u00eancias de Dados Pessoais para o EEE.<\/span><\/font><br><\/p>\n<p dir=\"ltr\" style=\"line-height: 1.38; margin-top: 12pt; margin-bottom: 12pt;\"><font color=\"#000000\"><span style=\"font-size: 14.6667px; white-space-collapse: preserve;\"><b>7 &#8211; DIVERSOS<\/b><\/span><\/font><\/p>\n<p><b><font color=\"#000000\"><\/font><\/b><\/p>\n<p><b><font color=\"#000000\"><\/font><\/b><\/p>\n<p><b><font color=\"#000000\"><\/font><\/b><\/p><font color=\"#000000\"><b>\n<\/b><p><b>7.1 <\/b>O presente ATD pode ser alterado em qualquer altura. Todas as altera\u00e7\u00f5es s\u00e3o publicadas no site da Sendinblue e comunicadas ao Utilizador atrav\u00e9s do site.<\/p>\n<p>A menos que o Utilizador ponha termo aos Servi\u00e7os enviando uma carta registada com aviso de rece\u00e7\u00e3o \u00e0 Sendinblue no prazo de trinta (30) dias ap\u00f3s estas modifica\u00e7\u00f5es, considera-se que o Utilizador aceitou as modifica\u00e7\u00f5es.<\/p>\n<p><b>7.2. <\/b>O presente ATD foi redigido em v\u00e1rias l\u00ednguas. Para efeitos de interpreta\u00e7\u00e3o do presente ATD, prevalece a vers\u00e3o francesa.<\/p>\n<p><b>8 &#8211; LEI APLIC\u00c1VEL E JURISDI\u00c7\u00c3O <\/b><\/p>\n<\/font><p><b><font color=\"#000000\"><\/font><\/b><\/p>\n<p><b><font color=\"#000000\"><\/font><\/b><\/p>\n<p><b><font color=\"#000000\"><\/font><\/b><\/p>\n<p><font color=\"#000000\">A lei aplic\u00e1vel e a jurisdi\u00e7\u00e3o competente continuam a ser as estipuladas no Acordo.<\/font><br><\/p>\n<div><span style=\"font-size: 11pt; font-family: Arial, sans-serif; color: #000000; font-variant-numeric: normal; font-variant-east-asian: normal; font-variant-alternates: normal; white-space-collapse: preserve;\">&nbsp;<\/span><\/div>\t\t\t\t\t\t<\/div>\n\t\t\t\t<\/div>\n\t\t\t\t\t<\/div>\n\t\t<\/div>\n\t\t\t\t\t<\/div>\n\t\t<\/section>\n\t\t\t\t<section class=\"elementor-section elementor-top-section elementor-element elementor-element-4acec2fe elementor-section-full_width elementor-section-stretched elementor-section-height-default elementor-section-height-default qodef-elementor-content-no\" data-id=\"4acec2fe\" data-element_type=\"section\" data-settings=\"{&quot;stretch_section&quot;:&quot;section-stretched&quot;}\">\n\t\t\t\t\t\t<div class=\"elementor-container elementor-column-gap-default\">\n\t\t\t\t\t<div class=\"elementor-column elementor-col-100 elementor-top-column elementor-element elementor-element-2511f3f4\" data-id=\"2511f3f4\" data-element_type=\"column\">\n\t\t\t<div class=\"elementor-widget-wrap elementor-element-populated\">\n\t\t\t\t\t\t<div class=\"elementor-element elementor-element-500005d elementor-widget elementor-widget-text-editor\" data-id=\"500005d\" data-element_type=\"widget\" data-widget_type=\"text-editor.default\">\n\t\t\t\t<div class=\"elementor-widget-container\">\n\t\t\t\t\t\t\t<p><span style=\"font-weight: 400;\"><a href=\"https:\/\/www.oxino.com\/pt-pt\/aviso-legal\/\">Aviso Legal<\/a> \u00b7 <a href=\"https:\/\/www.oxino.com\/pt-pt\/politica-de-cookies\/\">Pol\u00edtica de Cookies<\/a> \u00b7 <a href=\"https:\/\/www.oxino.com\/pt-pt\/politica-de-privacidade\/\">Pol\u00edtica de Privacidade<\/a> \u00b7 <a href=\"https:\/\/www.oxino.com\/pt-pt\/tratamento-de-dados-pessoais\/\">Tratamento de Dados Pessoais<\/a> \u00b7 <a href=\"https:\/\/www.oxino.com\/pt-pt\/termos-de-venda\/\">Termos de Venda<\/a><\/span><\/p><p><span style=\"font-weight: 400;\">Copyright 2021 \u00b7 Werku Tools SA \u00b7 Carretera N-VI km 586 \u00b7 15176 Oleiros \u00b7 La Coru\u00f1a \u00b7 Espa\u00f1a \u00b7 info@werku.com\u00a0<\/span><\/p>\t\t\t\t\t\t<\/div>\n\t\t\t\t<\/div>\n\t\t\t\t\t<\/div>\n\t\t<\/div>\n\t\t\t\t\t<\/div>\n\t\t<\/section>\n\t\t\t\t<\/div>\n\t\t","protected":false},"excerpt":{"rendered":"<p>TRATAMENTO DE DADOS PESSOAIS CONTRATO DE TRATAMENTO DE DADOS PESSOAIS O presente Contrato de Tratamento de Dados (doravante designado por APD) faz parte das Condi\u00e7\u00f5es Gerais de Utiliza\u00e7\u00e3o dos servi\u00e7os da Sendinblue (doravante designado por Contrato). Todos os termos em mai\u00fasculas n\u00e3o definidos no presente ATD ter\u00e3o o mesmo significado que o estabelecido no Contrato. [&hellip;]<\/p>\n","protected":false},"author":1,"featured_media":0,"parent":0,"menu_order":0,"comment_status":"closed","ping_status":"closed","template":"","meta":{"footnotes":""},"class_list":["post-10796","page","type-page","status-publish","hentry"],"yoast_head":"<!-- This site is optimized with the Yoast SEO plugin v23.1 - https:\/\/yoast.com\/wordpress\/plugins\/seo\/ -->\n<title>TRATAMENTO DE DADOS PESSOAIS - Oxi...no<\/title>\n<meta name=\"robots\" content=\"index, follow, max-snippet:-1, max-image-preview:large, max-video-preview:-1\" \/>\n<link rel=\"canonical\" href=\"https:\/\/www.oxino.com\/pt-pt\/tratamento-de-dados-pessoais\/\" \/>\n<meta property=\"og:locale\" content=\"pt_PT\" \/>\n<meta property=\"og:type\" content=\"article\" \/>\n<meta property=\"og:title\" content=\"TRATAMENTO DE DADOS PESSOAIS - Oxi...no\" \/>\n<meta property=\"og:description\" content=\"TRATAMENTO DE DADOS PESSOAIS CONTRATO DE TRATAMENTO DE DADOS PESSOAIS O presente Contrato de Tratamento de Dados (doravante designado por APD) faz parte das Condi\u00e7\u00f5es Gerais de Utiliza\u00e7\u00e3o dos servi\u00e7os da Sendinblue (doravante designado por Contrato). Todos os termos em mai\u00fasculas n\u00e3o definidos no presente ATD ter\u00e3o o mesmo significado que o estabelecido no Contrato. [&hellip;]\" \/>\n<meta property=\"og:url\" content=\"https:\/\/www.oxino.com\/pt-pt\/tratamento-de-dados-pessoais\/\" \/>\n<meta property=\"og:site_name\" content=\"Oxi...no\" \/>\n<meta property=\"article:modified_time\" content=\"2024-06-04T11:16:27+00:00\" \/>\n<meta name=\"twitter:card\" content=\"summary_large_image\" \/>\n<meta name=\"twitter:label1\" content=\"Tempo estimado de leitura\" \/>\n\t<meta name=\"twitter:data1\" content=\"10 minutos\" \/>\n<script type=\"application\/ld+json\" class=\"yoast-schema-graph\">{\"@context\":\"https:\/\/schema.org\",\"@graph\":[{\"@type\":\"WebPage\",\"@id\":\"https:\/\/www.oxino.com\/pt-pt\/tratamento-de-dados-pessoais\/\",\"url\":\"https:\/\/www.oxino.com\/pt-pt\/tratamento-de-dados-pessoais\/\",\"name\":\"TRATAMENTO DE DADOS PESSOAIS - Oxi...no\",\"isPartOf\":{\"@id\":\"https:\/\/www.oxino.com\/#website\"},\"datePublished\":\"2023-09-06T13:55:18+00:00\",\"dateModified\":\"2024-06-04T11:16:27+00:00\",\"breadcrumb\":{\"@id\":\"https:\/\/www.oxino.com\/pt-pt\/tratamento-de-dados-pessoais\/#breadcrumb\"},\"inLanguage\":\"pt-PT\",\"potentialAction\":[{\"@type\":\"ReadAction\",\"target\":[\"https:\/\/www.oxino.com\/pt-pt\/tratamento-de-dados-pessoais\/\"]}]},{\"@type\":\"BreadcrumbList\",\"@id\":\"https:\/\/www.oxino.com\/pt-pt\/tratamento-de-dados-pessoais\/#breadcrumb\",\"itemListElement\":[{\"@type\":\"ListItem\",\"position\":1,\"name\":\"Portada\",\"item\":\"https:\/\/www.oxino.com\/pt-pt\/\"},{\"@type\":\"ListItem\",\"position\":2,\"name\":\"TRATAMENTO DE DADOS PESSOAIS\"}]},{\"@type\":\"WebSite\",\"@id\":\"https:\/\/www.oxino.com\/#website\",\"url\":\"https:\/\/www.oxino.com\/\",\"name\":\"Oxi...no\",\"description\":\"\",\"publisher\":{\"@id\":\"https:\/\/www.oxino.com\/#organization\"},\"potentialAction\":[{\"@type\":\"SearchAction\",\"target\":{\"@type\":\"EntryPoint\",\"urlTemplate\":\"https:\/\/www.oxino.com\/?s={search_term_string}\"},\"query-input\":\"required name=search_term_string\"}],\"inLanguage\":\"pt-PT\"},{\"@type\":\"Organization\",\"@id\":\"https:\/\/www.oxino.com\/#organization\",\"name\":\"Oxi...no\",\"url\":\"https:\/\/www.oxino.com\/\",\"logo\":{\"@type\":\"ImageObject\",\"inLanguage\":\"pt-PT\",\"@id\":\"https:\/\/www.oxino.com\/#\/schema\/logo\/image\/\",\"url\":\"https:\/\/www.oxino.com\/wp-content\/uploads\/2024\/01\/cropped-Logo_OXINO_Fondo_Blanco.webp\",\"contentUrl\":\"https:\/\/www.oxino.com\/wp-content\/uploads\/2024\/01\/cropped-Logo_OXINO_Fondo_Blanco.webp\",\"width\":512,\"height\":512,\"caption\":\"Oxi...no\"},\"image\":{\"@id\":\"https:\/\/www.oxino.com\/#\/schema\/logo\/image\/\"},\"sameAs\":[\"https:\/\/www.linkedin.com\/company\/oxi-no\/\"]}]}<\/script>\n<!-- \/ Yoast SEO plugin. -->","yoast_head_json":{"title":"TRATAMENTO DE DADOS PESSOAIS - Oxi...no","robots":{"index":"index","follow":"follow","max-snippet":"max-snippet:-1","max-image-preview":"max-image-preview:large","max-video-preview":"max-video-preview:-1"},"canonical":"https:\/\/www.oxino.com\/pt-pt\/tratamento-de-dados-pessoais\/","og_locale":"pt_PT","og_type":"article","og_title":"TRATAMENTO DE DADOS PESSOAIS - Oxi...no","og_description":"TRATAMENTO DE DADOS PESSOAIS CONTRATO DE TRATAMENTO DE DADOS PESSOAIS O presente Contrato de Tratamento de Dados (doravante designado por APD) faz parte das Condi\u00e7\u00f5es Gerais de Utiliza\u00e7\u00e3o dos servi\u00e7os da Sendinblue (doravante designado por Contrato). Todos os termos em mai\u00fasculas n\u00e3o definidos no presente ATD ter\u00e3o o mesmo significado que o estabelecido no Contrato. [&hellip;]","og_url":"https:\/\/www.oxino.com\/pt-pt\/tratamento-de-dados-pessoais\/","og_site_name":"Oxi...no","article_modified_time":"2024-06-04T11:16:27+00:00","twitter_card":"summary_large_image","twitter_misc":{"Tempo estimado de leitura":"10 minutos"},"schema":{"@context":"https:\/\/schema.org","@graph":[{"@type":"WebPage","@id":"https:\/\/www.oxino.com\/pt-pt\/tratamento-de-dados-pessoais\/","url":"https:\/\/www.oxino.com\/pt-pt\/tratamento-de-dados-pessoais\/","name":"TRATAMENTO DE DADOS PESSOAIS - Oxi...no","isPartOf":{"@id":"https:\/\/www.oxino.com\/#website"},"datePublished":"2023-09-06T13:55:18+00:00","dateModified":"2024-06-04T11:16:27+00:00","breadcrumb":{"@id":"https:\/\/www.oxino.com\/pt-pt\/tratamento-de-dados-pessoais\/#breadcrumb"},"inLanguage":"pt-PT","potentialAction":[{"@type":"ReadAction","target":["https:\/\/www.oxino.com\/pt-pt\/tratamento-de-dados-pessoais\/"]}]},{"@type":"BreadcrumbList","@id":"https:\/\/www.oxino.com\/pt-pt\/tratamento-de-dados-pessoais\/#breadcrumb","itemListElement":[{"@type":"ListItem","position":1,"name":"Portada","item":"https:\/\/www.oxino.com\/pt-pt\/"},{"@type":"ListItem","position":2,"name":"TRATAMENTO DE DADOS PESSOAIS"}]},{"@type":"WebSite","@id":"https:\/\/www.oxino.com\/#website","url":"https:\/\/www.oxino.com\/","name":"Oxi...no","description":"","publisher":{"@id":"https:\/\/www.oxino.com\/#organization"},"potentialAction":[{"@type":"SearchAction","target":{"@type":"EntryPoint","urlTemplate":"https:\/\/www.oxino.com\/?s={search_term_string}"},"query-input":"required name=search_term_string"}],"inLanguage":"pt-PT"},{"@type":"Organization","@id":"https:\/\/www.oxino.com\/#organization","name":"Oxi...no","url":"https:\/\/www.oxino.com\/","logo":{"@type":"ImageObject","inLanguage":"pt-PT","@id":"https:\/\/www.oxino.com\/#\/schema\/logo\/image\/","url":"https:\/\/www.oxino.com\/wp-content\/uploads\/2024\/01\/cropped-Logo_OXINO_Fondo_Blanco.webp","contentUrl":"https:\/\/www.oxino.com\/wp-content\/uploads\/2024\/01\/cropped-Logo_OXINO_Fondo_Blanco.webp","width":512,"height":512,"caption":"Oxi...no"},"image":{"@id":"https:\/\/www.oxino.com\/#\/schema\/logo\/image\/"},"sameAs":["https:\/\/www.linkedin.com\/company\/oxi-no\/"]}]}},"_links":{"self":[{"href":"https:\/\/www.oxino.com\/pt-pt\/wp-json\/wp\/v2\/pages\/10796","targetHints":{"allow":["GET"]}}],"collection":[{"href":"https:\/\/www.oxino.com\/pt-pt\/wp-json\/wp\/v2\/pages"}],"about":[{"href":"https:\/\/www.oxino.com\/pt-pt\/wp-json\/wp\/v2\/types\/page"}],"author":[{"embeddable":true,"href":"https:\/\/www.oxino.com\/pt-pt\/wp-json\/wp\/v2\/users\/1"}],"replies":[{"embeddable":true,"href":"https:\/\/www.oxino.com\/pt-pt\/wp-json\/wp\/v2\/comments?post=10796"}],"version-history":[{"count":13,"href":"https:\/\/www.oxino.com\/pt-pt\/wp-json\/wp\/v2\/pages\/10796\/revisions"}],"predecessor-version":[{"id":12416,"href":"https:\/\/www.oxino.com\/pt-pt\/wp-json\/wp\/v2\/pages\/10796\/revisions\/12416"}],"wp:attachment":[{"href":"https:\/\/www.oxino.com\/pt-pt\/wp-json\/wp\/v2\/media?parent=10796"}],"curies":[{"name":"wp","href":"https:\/\/api.w.org\/{rel}","templated":true}]}}